{"id":152,"date":"2017-07-25T15:40:33","date_gmt":"2017-07-25T13:40:33","guid":{"rendered":"http:\/\/maisonpuechmalou.com\/?page_id=152"},"modified":"2024-01-25T11:22:15","modified_gmt":"2024-01-25T10:22:15","slug":"contact-en-reserveren","status":"publish","type":"page","link":"https:\/\/maisonpuechmalou.com\/fr\/contact-en-reserveren\/","title":{"rendered":"Arrangements et r\u00e9servations"},"content":{"rendered":"<p><\/p>\n<h2>Arrangements de base :<\/h2>\n<p style=\"font-weight: 400;\">Location du g\u00eete \u2018\u2019le Farmhouse\u2019\u2019, 5 chambres doubles, 10 personnes :<\/p>\n<ul style=\"font-weight: 400;\">\n<li>Moyenne saison * \u20ac300,- \/ nuit<\/li>\n<li>Haute saison* et vacances scolaires\u00a0 \u20ac 420,- \/ nuit-<\/li>\n<\/ul>\n<p style=\"font-weight: 400;\">Location du g\u00eete \u2018\u2019le Cottage\u2019\u2019, 1 chambre double, 2 personnes :<\/p>\n<ul style=\"font-weight: 400;\">\n<li>Moyenne saisons * \u20ac 96,- \/ nuit<\/li>\n<li>Haute saison * et vacances scolaires\u00a0 \u20ac 110,- \/ nuit<\/li>\n<\/ul>\n<p style=\"font-weight: 400;\">Location Domaine Puech Malou (les deux g\u00eetes \u2018\u2019le Farmhouse\u2019\u2019 et \u2018\u2019le Cottage\u2019\u2019 plus une chambre d&rsquo;h\u00f4te), 7 chambres doubles, 14 personnes :<\/p>\n<ul style=\"font-weight: 400;\">\n<li>Moyenne saison * \u20ac 350,- \/ nuit<\/li>\n<li>Haute saison* et vacances scolaires\u00a0 \u00a0\u20ac 570,- \/ nuit<\/li>\n<\/ul>\n<h2><span style=\"font-weight: 400;\">Les Tarifs\u00a0: <\/span><\/h2>\n<ul>\n<li style=\"font-weight: 400;\"><span style=\"font-weight: 400;\">Les tarifs des locations sont indiqu\u00e9s par nuit.<\/span><\/li>\n<li>Le m\u00e9nage de fin de s\u00e9jour est inclue.<\/li>\n<li style=\"font-weight: 400;\"><span style=\"font-weight: 400;\">La fourniture du linge pour les lits, des torchons et des serviettes de bain est inclue.<\/span><\/li>\n<li style=\"font-weight: 400;\"><span style=\"font-weight: 400;\">A votre arriv\u00e9e les lits sont faits.<\/span><\/li>\n<li style=\"font-weight: 400;\"><span style=\"font-weight: 400;\">Internet WIFI gratuit.<\/span><\/li>\n<\/ul>\n<p><span style=\"font-weight: 400;\">Vous recevrez plus d&rsquo;informations sur les conditions et la proc\u00e9dure de r\u00e9servation dans une proposition personnalis\u00e9e<\/span><\/p>\n<h2><span style=\"font-weight: 400;\">P\u00e9riodes :<\/span><\/h2>\n<p><span style=\"font-weight: 400;\">Moyenne saison : avril, mai, premi\u00e8re quinzaine de juin et \u00e0 partir de mi-septembre<\/span><\/p>\n<p><span style=\"font-weight: 400;\">Haute saison : \u00e0 partir de mi-juin, juillet, ao\u00fbt, 1\u00e8re quinzaine de septembre, les vacances de Printemps et de Toussaint. <\/span><\/p>\n<h2><span style=\"font-weight: 400;\">Chambre d\u2019H\u00f4tes :<\/span><\/h2>\n<p><span style=\"font-weight: 400;\">G\u00eete et petit d\u00e9jeuner par chambre et par nuit pour 2 personnes \u00e0 partir de \u20ac 90, &#8211; pour une chambre standard avec douche, toilettes et lavabo<\/span><\/p>\n<h2><span style=\"font-weight: 400;\">Arrangements sur mesure :<\/span><\/h2>\n<p><span style=\"font-weight: 400;\">De mai \u00e0 mi-juin et en septembre et octobre, nous pouvons vous offrir diff\u00e9rents forfaits. Vous pouvez les combiner si vous le souhaitez. Un arrangement personnalis\u00e9 pour un groupe est possible \u00e0 partir de 6 personnes. Si vous \u00eates int\u00e9ress\u00e9, n\u2019h\u00e9sitez pas \u00e0 nous le faire savoir. C\u2019est avec plaisir que nous prendrons en compte vos requ\u00eates personnelles et nous verrons ensemble ce que nous pouvons vous apporter.<\/span><\/p>\n<h2>Gastronomique<\/h2>\n<p><span style=\"font-weight: 400;\">Vous avez envie d\u2019une semaine gastronomique pour vous convertir en vrais \u2018\u2019Chefs\u2019\u2019, ou vous avez juste envie de de profiter de bons petits plats\u00a0? N\u2019h\u00e9sitez-pas \u00e0 nous contacter. Nous r\u00e9fl\u00e9chirons avec vous \u00e0 la formule la mieux adapt\u00e9e \u00e0 votre demande. <\/span><\/p>\n<h2>Randonn\u00e9e<\/h2>\n<p><span style=\"font-weight: 400;\">Les randonneurs, de tous les niveaux, peuvent se faire plaisir et profiter au quotidien de belles promenades \u00e0 travers les collines. Que vous pr\u00e9f\u00e9riez les for\u00eats, les espaces ouverts, les vall\u00e9es, les lacs ou les rivi\u00e8res, des cartes et des itin\u00e9raires vous attendent. Bien s\u00fbr, vous \u00eates cordialement invit\u00e9s \u00e0 nous rejoindre lors de nos propres randonn\u00e9es dans la r\u00e9gion. Nous serons heureux de vous faire une proposition appropri\u00e9e.<\/span><\/p>\n<h2>Golf<\/h2>\n<p><span style=\"font-weight: 400;\">Pour les amateurs de golf, nous avons mis en place un forfait sp\u00e9cial avec un des excellents terrains de golf de la r\u00e9gion. Les possibilit\u00e9s sont multiples ! A vous le choix\u00a0!<\/span><\/p>\n\n<div class=\"wpcf7 no-js\" id=\"wpcf7-f528-o3\" lang=\"nl-NL\" dir=\"ltr\" data-wpcf7-id=\"528\">\n<div class=\"screen-reader-response\"><p role=\"status\" aria-live=\"polite\" aria-atomic=\"true\"><\/p> <ul><\/ul><\/div>\n<form action=\"\/fr\/wp-json\/wp\/v2\/pages\/152#wpcf7-f528-o3\" method=\"post\" class=\"wpcf7-form init\" aria-label=\"Contactformulier\" novalidate=\"novalidate\" data-status=\"init\">\n<fieldset class=\"hidden-fields-container\"><input type=\"hidden\" name=\"_wpcf7\" value=\"528\" \/><input type=\"hidden\" name=\"_wpcf7_version\" value=\"6.1.5\" \/><input type=\"hidden\" name=\"_wpcf7_locale\" value=\"nl_NL\" \/><input type=\"hidden\" name=\"_wpcf7_unit_tag\" value=\"wpcf7-f528-o3\" \/><input type=\"hidden\" name=\"_wpcf7_container_post\" value=\"0\" \/><input type=\"hidden\" name=\"_wpcf7_posted_data_hash\" value=\"\" \/><input type=\"hidden\" name=\"_wpcf7_recaptcha_response\" value=\"\" \/>\n<\/fieldset>\n<table align=\"left\">\n\t<tr>\n\t\t<td>\n\t\t\t<p>Pr\u00e9nom :*\n\t\t\t<\/p>\n\t\t<\/td>\n\t\t<td>\n\t\t\t<p><span class=\"wpcf7-form-control-wrap\" data-name=\"voornaam\"><input size=\"30\" maxlength=\"30\" class=\"wpcf7-form-control wpcf7-text wpcf7-validates-as-required\" aria-required=\"true\" aria-invalid=\"false\" value=\"\" type=\"text\" name=\"voornaam\" \/><\/span>\n\t\t\t<\/p>\n\t\t<\/td>\n\t<\/tr>\n\t<tr>\n\t\t<td>\n\t\t\t<p>Nom :*\n\t\t\t<\/p>\n\t\t<\/td>\n\t\t<td>\n\t\t\t<p><span class=\"wpcf7-form-control-wrap\" data-name=\"achternaam\"><input size=\"30\" maxlength=\"30\" class=\"wpcf7-form-control wpcf7-text wpcf7-validates-as-required\" aria-required=\"true\" aria-invalid=\"false\" value=\"\" type=\"text\" name=\"achternaam\" \/><\/span>\n\t\t\t<\/p>\n\t\t<\/td>\n\t<\/tr>\n\t<tr>\n\t\t<td>\n\t\t\t<p>Addresse :\n\t\t\t<\/p>\n\t\t<\/td>\n\t\t<td>\n\t\t\t<p><span class=\"wpcf7-form-control-wrap\" data-name=\"adres\"><input size=\"30\" maxlength=\"30\" class=\"wpcf7-form-control wpcf7-text\" aria-invalid=\"false\" value=\"\" type=\"text\" name=\"adres\" \/><\/span>\n\t\t\t<\/p>\n\t\t<\/td>\n\t<\/tr>\n\t<tr>\n\t\t<td>\n\t\t\t<p>Code Postal :\n\t\t\t<\/p>\n\t\t<\/td>\n\t\t<td>\n\t\t\t<p><span class=\"wpcf7-form-control-wrap\" data-name=\"postcode\"><input size=\"7\" maxlength=\"7\" class=\"wpcf7-form-control wpcf7-text\" aria-invalid=\"false\" value=\"\" type=\"text\" name=\"postcode\" \/><\/span>\n\t\t\t<\/p>\n\t\t<\/td>\n\t<\/tr>\n\t<tr>\n\t\t<td>\n\t\t\t<p>Ville :\n\t\t\t<\/p>\n\t\t<\/td>\n\t\t<td>\n\t\t\t<p><span class=\"wpcf7-form-control-wrap\" data-name=\"woonplaats\"><input size=\"30\" maxlength=\"30\" class=\"wpcf7-form-control wpcf7-text\" aria-invalid=\"false\" value=\"\" type=\"text\" name=\"woonplaats\" \/><\/span>\n\t\t\t<\/p>\n\t\t<\/td>\n\t<\/tr>\n\t<tr>\n\t\t<td>\n\t\t\t<p>Pays :*\n\t\t\t<\/p>\n\t\t<\/td>\n\t\t<td>\n\t\t\t<p><span class=\"wpcf7-form-control-wrap\" data-name=\"land\"><input size=\"30\" maxlength=\"30\" class=\"wpcf7-form-control wpcf7-text wpcf7-validates-as-required\" aria-required=\"true\" aria-invalid=\"false\" value=\"\" type=\"text\" name=\"land\" \/><\/span>\n\t\t\t<\/p>\n\t\t<\/td>\n\t<\/tr>\n\t<tr>\n\t\t<td>\n\t\t\t<p>Num. telephone :*\n\t\t\t<\/p>\n\t\t<\/td>\n\t\t<td>\n\t\t\t<p><span class=\"wpcf7-form-control-wrap\" data-name=\"telefoon\"><input size=\"25\" maxlength=\"25\" class=\"wpcf7-form-control wpcf7-text wpcf7-validates-as-required\" aria-required=\"true\" aria-invalid=\"false\" value=\"\" type=\"text\" name=\"telefoon\" \/><\/span>\n\t\t\t<\/p>\n\t\t<\/td>\n\t<\/tr>\n\t<tr>\n\t\t<td>\n\t\t\t<p>Num. portable :\n\t\t\t<\/p>\n\t\t<\/td>\n\t\t<td>\n\t\t\t<p><span class=\"wpcf7-form-control-wrap\" data-name=\"text-375\"><input size=\"25\" maxlength=\"25\" class=\"wpcf7-form-control wpcf7-text\" aria-invalid=\"false\" value=\"\" type=\"text\" name=\"text-375\" \/><\/span>\n\t\t\t<\/p>\n\t\t<\/td>\n\t<\/tr>\n\t<tr>\n\t\t<td>\n\t\t\t<p>Adresse mail: *\n\t\t\t<\/p>\n\t\t<\/td>\n\t\t<td>\n\t\t\t<p><span class=\"wpcf7-form-control-wrap\" data-name=\"email-79\"><input size=\"30\" maxlength=\"30\" class=\"wpcf7-form-control wpcf7-email wpcf7-validates-as-required wpcf7-text wpcf7-validates-as-email\" aria-required=\"true\" aria-invalid=\"false\" value=\"\" type=\"email\" name=\"email-79\" \/><\/span>\n\t\t\t<\/p>\n\t\t<\/td>\n\t<\/tr>\n\t<tr>\n\t\t<td>\n\t\t\t<p>Type d\u2019h\u00e9bergement? :\n\t\t\t<\/p>\n\t\t<\/td>\n\t\t<td>\n\t\t\t<p><span class=\"wpcf7-form-control-wrap\" data-name=\"accommodatie\"><select class=\"wpcf7-form-control wpcf7-select wpcf7-validates-as-required\" aria-required=\"true\" aria-invalid=\"false\" name=\"accommodatie\"><option value=\"Le Farmhouse max 10 pers.\">Le Farmhouse max 10 pers.<\/option><option value=\"Le Cottage max. 4 pers.\">Le Cottage max. 4 pers.<\/option><option value=\"Puech Malou max. 12 pers.\">Puech Malou max. 12 pers.<\/option><option value=\"Je voudrais une offre sur mesure\">Je voudrais une offre sur mesure<\/option><\/select><\/span>\n\t\t\t<\/p>\n\t\t<\/td>\n\t<\/tr>\n\t<tr>\n\t\t<td>\n\t\t\t<p>Arriv\u00e9e :\n\t\t\t<\/p>\n\t\t<\/td>\n\t\t<td>\n\t\t\t<p><span class=\"wpcf7-form-control-wrap\" data-name=\"date-878\"><input class=\"wpcf7-form-control wpcf7-date wpcf7-validates-as-date\" aria-invalid=\"false\" value=\"\" type=\"date\" name=\"date-878\" \/><\/span>\n\t\t\t<\/p>\n\t\t<\/td>\n\t<\/tr>\n\t<tr>\n\t\t<td>\n\t\t\t<p>D\u00e9part :\n\t\t\t<\/p>\n\t\t<\/td>\n\t\t<td>\n\t\t\t<p><span class=\"wpcf7-form-control-wrap\" data-name=\"date-247\"><input class=\"wpcf7-form-control wpcf7-date wpcf7-validates-as-date\" aria-invalid=\"false\" value=\"\" type=\"date\" name=\"date-247\" \/><\/span>\n\t\t\t<\/p>\n\t\t<\/td>\n\t<\/tr>\n\t<tr>\n\t\t<td>\n\t\t\t<p>Nombre d'adultes :\n\t\t\t<\/p>\n\t\t<\/td>\n\t\t<td>\n\t\t\t<p><span class=\"wpcf7-form-control-wrap\" data-name=\"text-324\"><input size=\"2\" maxlength=\"2\" class=\"wpcf7-form-control wpcf7-text\" aria-invalid=\"false\" value=\"\" type=\"text\" name=\"text-324\" \/><\/span>\n\t\t\t<\/p>\n\t\t<\/td>\n\t<\/tr>\n\t<tr>\n\t\t<td>\n\t\t\t<p>Nombre d'enfants :\n\t\t\t<\/p>\n\t\t<\/td>\n\t\t<td>\n\t\t\t<p><span class=\"wpcf7-form-control-wrap\" data-name=\"text-452\"><input size=\"2\" maxlength=\"2\" class=\"wpcf7-form-control wpcf7-text\" aria-invalid=\"false\" value=\"\" type=\"text\" name=\"text-452\" \/><\/span>\n\t\t\t<\/p>\n\t\t<\/td>\n\t<\/tr>\n\t<tr>\n\t\t<td text-align=\"top\">\n\t\t\t<p>Commentaires \/ informations suppl\u00e9mentaires :\n\t\t\t<\/p>\n\t\t<\/td>\n\t\t<td>\n\t\t\t<p><span class=\"wpcf7-form-control-wrap\" data-name=\"textarea-893\"><textarea cols=\"1\" rows=\"5\" maxlength=\"2000\" class=\"wpcf7-form-control wpcf7-textarea\" aria-invalid=\"false\" name=\"textarea-893\"><\/textarea><\/span>\n\t\t\t<\/p>\n\t\t<\/td>\n\t<\/tr>\n\t<tr>\n\t\t<td colspan=2>\n\t\t\t<p>Avez-vous renseign\u00e9 tous les champs ?<br \/>\nApr\u00e8s l'envoi du formulaire, vous recevrez au plus vite une confirmation de votre demande de r\u00e9servation.\n\t\t\t<\/p>\n\t\t<\/td>\n\t<\/tr>\n\t<tr>\n\t\t<td>\n\t\t<\/td>\n\t\t<td>\n\t\t\t<p><input class=\"wpcf7-form-control wpcf7-submit has-spinner\" type=\"submit\" value=\"Envoyer\" \/>\n\t\t\t<\/p>\n\t\t<\/td>\n\t<\/tr>\n<\/table><div class=\"wpcf7-response-output\" aria-hidden=\"true\"><\/div>\n<\/form>\n<\/div>\n\n<p>Vous pr\u00e9fer\u00e9r le contact personel?<br \/>\nContacter nous:<\/p>\n<p class=\"m_7241745360736944875MsoListParagraph\">00 33 (0) 645410238<\/p>\n<p><\/p>","protected":false},"excerpt":{"rendered":"<p>Arrangements de base : Location du g\u00eete \u2018\u2019le Farmhouse\u2019\u2019, 5 chambres doubles, 10 personnes : Moyenne saison * \u20ac300,- \/ nuit Haute saison* et vacances scolaires\u00a0 \u20ac 420,- \/ nuit- Location du g\u00eete \u2018\u2019le Cottage\u2019\u2019, 1 chambre double, 2 personnes : Moyenne saisons * \u20ac 96,- \/ nuit Haute saison * et vacances scolaires\u00a0 \u20ac &hellip; <\/p>\n<p class=\"link-more\"><a href=\"https:\/\/maisonpuechmalou.com\/fr\/contact-en-reserveren\/\" class=\"more-link\">Continuer la lecture<span class=\"screen-reader-text\"> de &laquo;&nbsp;Arrangements et r\u00e9servations&nbsp;&raquo;<\/span><\/a><\/p>\n","protected":false},"author":1,"featured_media":436,"parent":0,"menu_order":0,"comment_status":"closed","ping_status":"closed","template":"","meta":{"footnotes":""},"class_list":["post-152","page","type-page","status-publish","has-post-thumbnail","hentry"],"yoast_head":"<!-- This site is optimized with the Yoast SEO plugin v27.5 - https:\/\/yoast.com\/product\/yoast-seo-wordpress\/ -->\n<title>Arrangements et r\u00e9servations - Domaine Puech Malou<\/title>\n<meta name=\"robots\" content=\"index, follow, max-snippet:-1, max-image-preview:large, max-video-preview:-1\" \/>\n<link rel=\"canonical\" href=\"https:\/\/maisonpuechmalou.com\/contact-en-reserveren\/\" \/>\n<meta property=\"og:locale\" content=\"fr_FR\" \/>\n<meta property=\"og:type\" content=\"article\" \/>\n<meta property=\"og:title\" content=\"Arrangements et r\u00e9servations - Domaine Puech Malou\" \/>\n<meta property=\"og:description\" content=\"Arrangements de base : Location du g\u00eete \u2018\u2019le Farmhouse\u2019\u2019, 5 chambres doubles, 10 personnes : Moyenne saison * \u20ac300,- \/ nuit Haute saison* et vacances scolaires\u00a0 \u20ac 420,- \/ nuit- Location du g\u00eete \u2018\u2019le Cottage\u2019\u2019, 1 chambre double, 2 personnes : Moyenne saisons * \u20ac 96,- \/ nuit Haute saison * et vacances scolaires\u00a0 \u20ac &hellip; Continuer la lecture de &laquo;&nbsp;Arrangements et r\u00e9servations&nbsp;&raquo;\" \/>\n<meta property=\"og:url\" content=\"https:\/\/maisonpuechmalou.com\/contact-en-reserveren\/\" \/>\n<meta property=\"og:site_name\" content=\"Domaine Puech Malou\" \/>\n<meta property=\"article:modified_time\" content=\"2024-01-25T10:22:15+00:00\" \/>\n<meta property=\"og:image\" content=\"https:\/\/maisonpuechmalou.com\/wp-content\/uploads\/2017\/07\/arrangement.jpg\" \/>\n\t<meta property=\"og:image:width\" content=\"2000\" \/>\n\t<meta property=\"og:image:height\" content=\"1200\" \/>\n\t<meta property=\"og:image:type\" content=\"image\/jpeg\" \/>\n<meta name=\"twitter:card\" content=\"summary_large_image\" \/>\n<meta name=\"twitter:label1\" content=\"Dur\u00e9e de lecture estim\u00e9e\" \/>\n\t<meta name=\"twitter:data1\" content=\"3 minutes\" \/>\n<script type=\"application\/ld+json\" class=\"yoast-schema-graph\">{\"@context\":\"https:\\\/\\\/schema.org\",\"@graph\":[{\"@type\":\"WebPage\",\"@id\":\"https:\\\/\\\/maisonpuechmalou.com\\\/contact-en-reserveren\\\/\",\"url\":\"https:\\\/\\\/maisonpuechmalou.com\\\/contact-en-reserveren\\\/\",\"name\":\"Arrangements et r\u00e9servations - Domaine Puech Malou\",\"isPartOf\":{\"@id\":\"https:\\\/\\\/maisonpuechmalou.com\\\/#website\"},\"primaryImageOfPage\":{\"@id\":\"https:\\\/\\\/maisonpuechmalou.com\\\/contact-en-reserveren\\\/#primaryimage\"},\"image\":{\"@id\":\"https:\\\/\\\/maisonpuechmalou.com\\\/contact-en-reserveren\\\/#primaryimage\"},\"thumbnailUrl\":\"https:\\\/\\\/maisonpuechmalou.com\\\/wp-content\\\/uploads\\\/2017\\\/07\\\/arrangement.jpg\",\"datePublished\":\"2017-07-25T13:40:33+00:00\",\"dateModified\":\"2024-01-25T10:22:15+00:00\",\"breadcrumb\":{\"@id\":\"https:\\\/\\\/maisonpuechmalou.com\\\/contact-en-reserveren\\\/#breadcrumb\"},\"inLanguage\":\"fr-FR\",\"potentialAction\":[{\"@type\":\"ReadAction\",\"target\":[\"https:\\\/\\\/maisonpuechmalou.com\\\/contact-en-reserveren\\\/\"]}]},{\"@type\":\"ImageObject\",\"inLanguage\":\"fr-FR\",\"@id\":\"https:\\\/\\\/maisonpuechmalou.com\\\/contact-en-reserveren\\\/#primaryimage\",\"url\":\"https:\\\/\\\/maisonpuechmalou.com\\\/wp-content\\\/uploads\\\/2017\\\/07\\\/arrangement.jpg\",\"contentUrl\":\"https:\\\/\\\/maisonpuechmalou.com\\\/wp-content\\\/uploads\\\/2017\\\/07\\\/arrangement.jpg\",\"width\":2000,\"height\":1200},{\"@type\":\"BreadcrumbList\",\"@id\":\"https:\\\/\\\/maisonpuechmalou.com\\\/contact-en-reserveren\\\/#breadcrumb\",\"itemListElement\":[{\"@type\":\"ListItem\",\"position\":1,\"name\":\"Home\",\"item\":\"https:\\\/\\\/maisonpuechmalou.com\\\/\"},{\"@type\":\"ListItem\",\"position\":2,\"name\":\"Arrangementen en reserveren\"}]},{\"@type\":\"WebSite\",\"@id\":\"https:\\\/\\\/maisonpuechmalou.com\\\/#website\",\"url\":\"https:\\\/\\\/maisonpuechmalou.com\\\/\",\"name\":\"Domaine Puech Malou\",\"description\":\"Des vacances dans un petit paradis en Occitanie\",\"potentialAction\":[{\"@type\":\"SearchAction\",\"target\":{\"@type\":\"EntryPoint\",\"urlTemplate\":\"https:\\\/\\\/maisonpuechmalou.com\\\/?s={search_term_string}\"},\"query-input\":{\"@type\":\"PropertyValueSpecification\",\"valueRequired\":true,\"valueName\":\"search_term_string\"}}],\"inLanguage\":\"fr-FR\"}]}<\/script>\n<!-- \/ Yoast SEO plugin. -->","yoast_head_json":{"title":"Arrangements et r\u00e9servations - Domaine Puech Malou","robots":{"index":"index","follow":"follow","max-snippet":"max-snippet:-1","max-image-preview":"max-image-preview:large","max-video-preview":"max-video-preview:-1"},"canonical":"https:\/\/maisonpuechmalou.com\/contact-en-reserveren\/","og_locale":"fr_FR","og_type":"article","og_title":"Arrangements et r\u00e9servations - Domaine Puech Malou","og_description":"Arrangements de base : Location du g\u00eete \u2018\u2019le Farmhouse\u2019\u2019, 5 chambres doubles, 10 personnes : Moyenne saison * \u20ac300,- \/ nuit Haute saison* et vacances scolaires\u00a0 \u20ac 420,- \/ nuit- Location du g\u00eete \u2018\u2019le Cottage\u2019\u2019, 1 chambre double, 2 personnes : Moyenne saisons * \u20ac 96,- \/ nuit Haute saison * et vacances scolaires\u00a0 \u20ac &hellip; Continuer la lecture de &laquo;&nbsp;Arrangements et r\u00e9servations&nbsp;&raquo;","og_url":"https:\/\/maisonpuechmalou.com\/contact-en-reserveren\/","og_site_name":"Domaine Puech Malou","article_modified_time":"2024-01-25T10:22:15+00:00","og_image":[{"width":2000,"height":1200,"url":"https:\/\/maisonpuechmalou.com\/wp-content\/uploads\/2017\/07\/arrangement.jpg","type":"image\/jpeg"}],"twitter_card":"summary_large_image","twitter_misc":{"Dur\u00e9e de lecture estim\u00e9e":"3 minutes"},"schema":{"@context":"https:\/\/schema.org","@graph":[{"@type":"WebPage","@id":"https:\/\/maisonpuechmalou.com\/contact-en-reserveren\/","url":"https:\/\/maisonpuechmalou.com\/contact-en-reserveren\/","name":"Arrangements et r\u00e9servations - Domaine Puech Malou","isPartOf":{"@id":"https:\/\/maisonpuechmalou.com\/#website"},"primaryImageOfPage":{"@id":"https:\/\/maisonpuechmalou.com\/contact-en-reserveren\/#primaryimage"},"image":{"@id":"https:\/\/maisonpuechmalou.com\/contact-en-reserveren\/#primaryimage"},"thumbnailUrl":"https:\/\/maisonpuechmalou.com\/wp-content\/uploads\/2017\/07\/arrangement.jpg","datePublished":"2017-07-25T13:40:33+00:00","dateModified":"2024-01-25T10:22:15+00:00","breadcrumb":{"@id":"https:\/\/maisonpuechmalou.com\/contact-en-reserveren\/#breadcrumb"},"inLanguage":"fr-FR","potentialAction":[{"@type":"ReadAction","target":["https:\/\/maisonpuechmalou.com\/contact-en-reserveren\/"]}]},{"@type":"ImageObject","inLanguage":"fr-FR","@id":"https:\/\/maisonpuechmalou.com\/contact-en-reserveren\/#primaryimage","url":"https:\/\/maisonpuechmalou.com\/wp-content\/uploads\/2017\/07\/arrangement.jpg","contentUrl":"https:\/\/maisonpuechmalou.com\/wp-content\/uploads\/2017\/07\/arrangement.jpg","width":2000,"height":1200},{"@type":"BreadcrumbList","@id":"https:\/\/maisonpuechmalou.com\/contact-en-reserveren\/#breadcrumb","itemListElement":[{"@type":"ListItem","position":1,"name":"Home","item":"https:\/\/maisonpuechmalou.com\/"},{"@type":"ListItem","position":2,"name":"Arrangementen en reserveren"}]},{"@type":"WebSite","@id":"https:\/\/maisonpuechmalou.com\/#website","url":"https:\/\/maisonpuechmalou.com\/","name":"Domaine Puech Malou","description":"Des vacances dans un petit paradis en Occitanie","potentialAction":[{"@type":"SearchAction","target":{"@type":"EntryPoint","urlTemplate":"https:\/\/maisonpuechmalou.com\/?s={search_term_string}"},"query-input":{"@type":"PropertyValueSpecification","valueRequired":true,"valueName":"search_term_string"}}],"inLanguage":"fr-FR"}]}},"_links":{"self":[{"href":"https:\/\/maisonpuechmalou.com\/fr\/wp-json\/wp\/v2\/pages\/152","targetHints":{"allow":["GET"]}}],"collection":[{"href":"https:\/\/maisonpuechmalou.com\/fr\/wp-json\/wp\/v2\/pages"}],"about":[{"href":"https:\/\/maisonpuechmalou.com\/fr\/wp-json\/wp\/v2\/types\/page"}],"author":[{"embeddable":true,"href":"https:\/\/maisonpuechmalou.com\/fr\/wp-json\/wp\/v2\/users\/1"}],"replies":[{"embeddable":true,"href":"https:\/\/maisonpuechmalou.com\/fr\/wp-json\/wp\/v2\/comments?post=152"}],"version-history":[{"count":35,"href":"https:\/\/maisonpuechmalou.com\/fr\/wp-json\/wp\/v2\/pages\/152\/revisions"}],"predecessor-version":[{"id":8675,"href":"https:\/\/maisonpuechmalou.com\/fr\/wp-json\/wp\/v2\/pages\/152\/revisions\/8675"}],"wp:featuredmedia":[{"embeddable":true,"href":"https:\/\/maisonpuechmalou.com\/fr\/wp-json\/wp\/v2\/media\/436"}],"wp:attachment":[{"href":"https:\/\/maisonpuechmalou.com\/fr\/wp-json\/wp\/v2\/media?parent=152"}],"curies":[{"name":"wp","href":"https:\/\/api.w.org\/{rel}","templated":true}]}}