{"id":150,"date":"2017-07-25T15:40:33","date_gmt":"2017-07-25T13:40:33","guid":{"rendered":"http:\/\/maisonpuechmalou.com\/?page_id=150"},"modified":"2023-12-13T09:59:26","modified_gmt":"2023-12-13T08:59:26","slug":"de-omgeving","status":"publish","type":"page","link":"https:\/\/maisonpuechmalou.com\/fr\/de-omgeving\/","title":{"rendered":"Les environs"},"content":{"rendered":"<p><\/p>\n<h2 style=\"text-align: justify;\"><span style=\"font-weight: 400;\">Le d\u00e9partement du Tarn, nomm\u00e9 d&rsquo;apr\u00e8s la rivi\u00e8re du m\u00eame nom, est id\u00e9alement situ\u00e9 dans le sud de la France dans la r\u00e9gion Occitanie, anciennement Languedoc-Roussillon et Midi-Pyr\u00e9n\u00e9es. Le Tarn b\u00e9n\u00e9ficie d&rsquo;un climat doux, influenc\u00e9 \u00e0 la fois par l&rsquo;oc\u00e9an Atlantique et par la mer M\u00e9diterran\u00e9e.<\/span><\/h2>\n<p style=\"text-align: justify;\"><span style=\"font-weight: 400;\">La r\u00e9gion est riche en nature, en culture et en histoire. Les paysages varient \u00e9norm\u00e9ment avec des vall\u00e9es profondes, des collines verdoyantes et de belles montagnes. La diversit\u00e9 de ses paysages, la richesse de son patrimoine historique et architectural et la diversit\u00e9 des activit\u00e9s sportives et culturelles pr\u00e9sentes sur le territoire font du Tarn une destination de vacances pleine de surprises et particuli\u00e8rement appr\u00e9ci\u00e9e.<\/span><\/p>\n<p style=\"text-align: justify;\"><iframe loading=\"lazy\" src=\"https:\/\/www.youtube.com\/embed\/_4xWOSzsbxo?rel=0&amp;showinfo=0\" width=\"900\" height=\"480\" frameborder=\"0\" allowfullscreen=\"allowfullscreen\" data-mce-fragment=\"1\"><\/iframe><\/p>\n<p style=\"text-align: justify;\"><span style=\"font-weight: 400;\">Au-del\u00e0 de la grande vari\u00e9t\u00e9 des paysages, le Tarn vous permettra de d\u00e9couvrir une nature spectaculaire\u00a0: des montagnes des Monts de Lacaune et de la Montagne Noire aux roches granitiques du Sidobre en passant par les vignobles du Gaillac et le charmant Pays de Cocagne. Vous pourrez \u00e9galement d\u00e9couvrir des sites architecturaux remarquables comme les Bastides Albigeoises ou les villages m\u00e9di\u00e9vaux de Bruniquel, Puycelsi, Penne, Castelnau de Montmiral et Cordes sur Ciel. Les amateurs d&rsquo;histoire appr\u00e9cieront en particulier les <\/span><i><span style=\"font-weight: 400;\">plus beaux villages de<\/span><\/i> <i><span style=\"font-weight: 400;\">France<\/span><\/i><span style=\"font-weight: 400;\"> comme Lautrec, Ambialet, Lincou, Brousse le Ch\u00e2teau, St Izaire, Coupiac et Plaisance. A proximit\u00e9, on peut \u00e9galement visiter des ch\u00e2teaux, des ruines et des grottes Cathares, ou consacrer une journ\u00e9e \u00e0 parcourir les ruelles de la cit\u00e9 m\u00e9di\u00e9vale fortifi\u00e9e de Carcassonne. A voir \u00e9galement dans les environs : Rodez et sa cath\u00e9drale gothique, Millau et son viaduc magistral, sans oublier Toulouse et ses palais de la Renaissance.<\/span><\/p>\n<h2><span style=\"font-weight: 400;\">Albi, la Rouge<\/span><\/h2>\n<p style=\"text-align: justify;\"><span style=\"font-weight: 400;\">L\u2019homme a commenc\u00e9 \u00e0 s\u2019installer ici \u00e0 l&rsquo;\u00e2ge de bronze\u00a0; \u00e0 l\u2019endroit o\u00f9 se trouve aujourd\u2019hui l&rsquo;un des quartiers les plus pittoresques de la ville. Albi a toutes les caract\u00e9ristiques d\u2019une ville fran\u00e7aise du sud-ouest\u00a0: une cath\u00e9drale imposante, des quartiers anim\u00e9s et des jardins int\u00e9rieurs tranquilles. Mais c&rsquo;est surtout la joie de vivre m\u00e9diterran\u00e9enne qui caract\u00e9rise le berceau du peintre Toulouse-Lautrec. Le Tarn traverse cette ville qui appartient depuis peu au patrimoine mondial de l&rsquo;UNESCO. Le vieux centre, avec ses ruelles, boutiques et restaurants, s\u2019\u00e9tend autour de l&rsquo;imposante cath\u00e9drale Sainte C\u00e9cile. Les maisons caract\u00e9ristiques construites en briques rouges compl\u00e8tent l&rsquo;ambiance m\u00e9diterran\u00e9enne et expliquent le surnom de ville rouge. Le Palais de la Berbie est construit contre la cath\u00e9drale. C\u2019\u00e9tait jadis la r\u00e9sidence des puissants \u00e9v\u00eaques d&rsquo;Albi. Le palais abrite aujourd&rsquo;hui le mus\u00e9e Toulouse-Lautrec, d\u00e9di\u00e9 au c\u00e9l\u00e8bre peintre n\u00e9 \u00e0 Albi en 1864. Le mus\u00e9e Toulouse-Lautrec, enti\u00e8rement r\u00e9nov\u00e9, est l&rsquo;un des plus grands mus\u00e9es contemporains de France. Les jardins du Palais de la Berbie sont am\u00e9nag\u00e9s en terrasses et offrent une belle vue sur le Tarn et la ville. Une ville avec un art de vivre typique dont vous ne manquerez pas de tomber sous le charme. <\/span><\/p>\n<p style=\"text-align: justify;\"><span style=\"font-weight: 400;\">Le Tarn dispose d\u2019un tr\u00e8s ancien r\u00e9seau de sentiers d&rsquo;une longueur totale de 3500 kilom\u00e8tres. Qu\u2019ils soient amateurs ou exp\u00e9riment\u00e9s, randonneurs et cyclistes pourront faire des balades de quelques heures ou des excursions de plusieurs jours. Le d\u00e9partement compte d\u2019innombrables circuits balis\u00e9s pour tous les niveaux et nous serons heureux de mettre des cartes \u00e0 votre disposition. Vous pouvez aussi profiter de votre s\u00e9jour pour faire une balade en cano\u00eb sur le Tarn ou pour pratiquer le golf sur les nombreux terrains de golf magnifiquement am\u00e9nag\u00e9s.<\/span><\/p>\n<h2 style=\"text-align: justify;\"><span style=\"font-weight: 400;\">Les Circuits du Tarn<\/span><\/h2>\n<p style=\"text-align: justify;\"><span style=\"font-weight: 400;\">Pour vous permettre de d\u00e9couvrir le d\u00e9partement, nous vous proposons sept itin\u00e9raires correspondant \u00e0 des excursions d&rsquo;une journ\u00e9e. Ces itin\u00e9raires vous feront parcourir entre 70 et 175 kilom\u00e8tres et ils vous permettront de d\u00e9couvrir le Tarn en fonction d\u2019un th\u00e8me sp\u00e9cifique.<\/span><\/p>\n<p style=\"text-align: justify;\"><span style=\"font-weight: 400;\">Pour parfaire votre s\u00e9jour, ne manquez pas de vous rendre sur les march\u00e9s de pays, de profiter des f\u00eates traditionnelles et de d\u00e9guster les sp\u00e9cialit\u00e9s gastronomiques de cette belle r\u00e9gion\u00a0! <\/span><\/p>\n<p style=\"text-align: justify;\"><span style=\"font-weight: 400;\">C\u2019est avec grand plaisir que nous vous ferons d\u00e9couvrir cette partie merveilleuse de la Douce France.<\/span><\/p>\n<p style=\"text-align: justify;\"><span style=\"text-align: left; font-size: 1rem;\">Sites web de:<\/span><\/p>\n<p style=\"text-align: justify;\"><span style=\"font-weight: 400;\"> Departement :\u00a0<\/span><a href=\"http:\/\/www.tourisme-tarn.com\/\" target=\"_blank\" rel=\"noopener\"><span style=\"font-weight: 400;\">Tarn<\/span><\/a><span style=\"font-weight: 400;\"><br \/>\nRegion :\u00a0<\/span><span style=\"font-weight: 400;\"><a href=\"http:\/\/www.tourisme-occitanie.com\/accueil\/a-voir-a-faire\/visites-decouvertes\/a-voir-et-a-faire-autour-des-grands-sites\" target=\"_blank\" rel=\"noopener\">Tour de Occitanie<\/a><\/span><span style=\"font-weight: 400;\"><br \/>\nVille :\u00a0<\/span><span style=\"font-weight: 400;\"><a href=\"https:\/\/www.albi-tourisme.fr\/\" target=\"_blank\" rel=\"noopener\">Albi<\/a><\/span><\/p>\n<p><\/p>","protected":false},"excerpt":{"rendered":"<p>Le d\u00e9partement du Tarn, nomm\u00e9 d&rsquo;apr\u00e8s la rivi\u00e8re du m\u00eame nom, est id\u00e9alement situ\u00e9 dans le sud de la France dans la r\u00e9gion Occitanie, anciennement Languedoc-Roussillon et Midi-Pyr\u00e9n\u00e9es. Le Tarn b\u00e9n\u00e9ficie d&rsquo;un climat doux, influenc\u00e9 \u00e0 la fois par l&rsquo;oc\u00e9an Atlantique et par la mer M\u00e9diterran\u00e9e. La r\u00e9gion est riche en nature, en culture et &hellip; <\/p>\n<p class=\"link-more\"><a href=\"https:\/\/maisonpuechmalou.com\/fr\/de-omgeving\/\" class=\"more-link\">Continuer la lecture<span class=\"screen-reader-text\"> de &laquo;&nbsp;Les environs&nbsp;&raquo;<\/span><\/a><\/p>\n","protected":false},"author":1,"featured_media":435,"parent":0,"menu_order":0,"comment_status":"closed","ping_status":"closed","template":"","meta":{"footnotes":""},"class_list":["post-150","page","type-page","status-publish","has-post-thumbnail","hentry"],"yoast_head":"<!-- This site is optimized with the Yoast SEO plugin v27.5 - https:\/\/yoast.com\/product\/yoast-seo-wordpress\/ -->\n<title>Les environs - Domaine Puech Malou<\/title>\n<meta name=\"robots\" content=\"index, follow, max-snippet:-1, max-image-preview:large, max-video-preview:-1\" \/>\n<link rel=\"canonical\" href=\"https:\/\/maisonpuechmalou.com\/de-omgeving\/\" \/>\n<meta property=\"og:locale\" content=\"fr_FR\" \/>\n<meta property=\"og:type\" content=\"article\" \/>\n<meta property=\"og:title\" content=\"Les environs - Domaine Puech Malou\" \/>\n<meta property=\"og:description\" content=\"Le d\u00e9partement du Tarn, nomm\u00e9 d&rsquo;apr\u00e8s la rivi\u00e8re du m\u00eame nom, est id\u00e9alement situ\u00e9 dans le sud de la France dans la r\u00e9gion Occitanie, anciennement Languedoc-Roussillon et Midi-Pyr\u00e9n\u00e9es. Le Tarn b\u00e9n\u00e9ficie d&rsquo;un climat doux, influenc\u00e9 \u00e0 la fois par l&rsquo;oc\u00e9an Atlantique et par la mer M\u00e9diterran\u00e9e. La r\u00e9gion est riche en nature, en culture et &hellip; Continuer la lecture de &laquo;&nbsp;Les environs&nbsp;&raquo;\" \/>\n<meta property=\"og:url\" content=\"https:\/\/maisonpuechmalou.com\/de-omgeving\/\" \/>\n<meta property=\"og:site_name\" content=\"Domaine Puech Malou\" \/>\n<meta property=\"article:modified_time\" content=\"2023-12-13T08:59:26+00:00\" \/>\n<meta property=\"og:image\" content=\"https:\/\/maisonpuechmalou.com\/wp-content\/uploads\/2017\/07\/omgeving_b.jpg\" \/>\n\t<meta property=\"og:image:width\" content=\"2000\" \/>\n\t<meta property=\"og:image:height\" content=\"1200\" \/>\n\t<meta property=\"og:image:type\" content=\"image\/jpeg\" \/>\n<meta name=\"twitter:card\" content=\"summary_large_image\" \/>\n<meta name=\"twitter:label1\" content=\"Dur\u00e9e de lecture estim\u00e9e\" \/>\n\t<meta name=\"twitter:data1\" content=\"10 minutes\" \/>\n<script type=\"application\/ld+json\" class=\"yoast-schema-graph\">{\"@context\":\"https:\\\/\\\/schema.org\",\"@graph\":[{\"@type\":\"WebPage\",\"@id\":\"https:\\\/\\\/maisonpuechmalou.com\\\/de-omgeving\\\/\",\"url\":\"https:\\\/\\\/maisonpuechmalou.com\\\/de-omgeving\\\/\",\"name\":\"Les environs - Domaine Puech Malou\",\"isPartOf\":{\"@id\":\"https:\\\/\\\/maisonpuechmalou.com\\\/#website\"},\"primaryImageOfPage\":{\"@id\":\"https:\\\/\\\/maisonpuechmalou.com\\\/de-omgeving\\\/#primaryimage\"},\"image\":{\"@id\":\"https:\\\/\\\/maisonpuechmalou.com\\\/de-omgeving\\\/#primaryimage\"},\"thumbnailUrl\":\"https:\\\/\\\/maisonpuechmalou.com\\\/wp-content\\\/uploads\\\/2017\\\/07\\\/omgeving_b.jpg\",\"datePublished\":\"2017-07-25T13:40:33+00:00\",\"dateModified\":\"2023-12-13T08:59:26+00:00\",\"breadcrumb\":{\"@id\":\"https:\\\/\\\/maisonpuechmalou.com\\\/de-omgeving\\\/#breadcrumb\"},\"inLanguage\":\"fr-FR\",\"potentialAction\":[{\"@type\":\"ReadAction\",\"target\":[\"https:\\\/\\\/maisonpuechmalou.com\\\/de-omgeving\\\/\"]}]},{\"@type\":\"ImageObject\",\"inLanguage\":\"fr-FR\",\"@id\":\"https:\\\/\\\/maisonpuechmalou.com\\\/de-omgeving\\\/#primaryimage\",\"url\":\"https:\\\/\\\/maisonpuechmalou.com\\\/wp-content\\\/uploads\\\/2017\\\/07\\\/omgeving_b.jpg\",\"contentUrl\":\"https:\\\/\\\/maisonpuechmalou.com\\\/wp-content\\\/uploads\\\/2017\\\/07\\\/omgeving_b.jpg\",\"width\":2000,\"height\":1200},{\"@type\":\"BreadcrumbList\",\"@id\":\"https:\\\/\\\/maisonpuechmalou.com\\\/de-omgeving\\\/#breadcrumb\",\"itemListElement\":[{\"@type\":\"ListItem\",\"position\":1,\"name\":\"Home\",\"item\":\"https:\\\/\\\/maisonpuechmalou.com\\\/\"},{\"@type\":\"ListItem\",\"position\":2,\"name\":\"De omgeving\"}]},{\"@type\":\"WebSite\",\"@id\":\"https:\\\/\\\/maisonpuechmalou.com\\\/#website\",\"url\":\"https:\\\/\\\/maisonpuechmalou.com\\\/\",\"name\":\"Domaine Puech Malou\",\"description\":\"Des vacances dans un petit paradis en Occitanie\",\"potentialAction\":[{\"@type\":\"SearchAction\",\"target\":{\"@type\":\"EntryPoint\",\"urlTemplate\":\"https:\\\/\\\/maisonpuechmalou.com\\\/?s={search_term_string}\"},\"query-input\":{\"@type\":\"PropertyValueSpecification\",\"valueRequired\":true,\"valueName\":\"search_term_string\"}}],\"inLanguage\":\"fr-FR\"}]}<\/script>\n<!-- \/ Yoast SEO plugin. -->","yoast_head_json":{"title":"Les environs - Domaine Puech Malou","robots":{"index":"index","follow":"follow","max-snippet":"max-snippet:-1","max-image-preview":"max-image-preview:large","max-video-preview":"max-video-preview:-1"},"canonical":"https:\/\/maisonpuechmalou.com\/de-omgeving\/","og_locale":"fr_FR","og_type":"article","og_title":"Les environs - Domaine Puech Malou","og_description":"Le d\u00e9partement du Tarn, nomm\u00e9 d&rsquo;apr\u00e8s la rivi\u00e8re du m\u00eame nom, est id\u00e9alement situ\u00e9 dans le sud de la France dans la r\u00e9gion Occitanie, anciennement Languedoc-Roussillon et Midi-Pyr\u00e9n\u00e9es. Le Tarn b\u00e9n\u00e9ficie d&rsquo;un climat doux, influenc\u00e9 \u00e0 la fois par l&rsquo;oc\u00e9an Atlantique et par la mer M\u00e9diterran\u00e9e. La r\u00e9gion est riche en nature, en culture et &hellip; Continuer la lecture de &laquo;&nbsp;Les environs&nbsp;&raquo;","og_url":"https:\/\/maisonpuechmalou.com\/de-omgeving\/","og_site_name":"Domaine Puech Malou","article_modified_time":"2023-12-13T08:59:26+00:00","og_image":[{"width":2000,"height":1200,"url":"https:\/\/maisonpuechmalou.com\/wp-content\/uploads\/2017\/07\/omgeving_b.jpg","type":"image\/jpeg"}],"twitter_card":"summary_large_image","twitter_misc":{"Dur\u00e9e de lecture estim\u00e9e":"10 minutes"},"schema":{"@context":"https:\/\/schema.org","@graph":[{"@type":"WebPage","@id":"https:\/\/maisonpuechmalou.com\/de-omgeving\/","url":"https:\/\/maisonpuechmalou.com\/de-omgeving\/","name":"Les environs - Domaine Puech Malou","isPartOf":{"@id":"https:\/\/maisonpuechmalou.com\/#website"},"primaryImageOfPage":{"@id":"https:\/\/maisonpuechmalou.com\/de-omgeving\/#primaryimage"},"image":{"@id":"https:\/\/maisonpuechmalou.com\/de-omgeving\/#primaryimage"},"thumbnailUrl":"https:\/\/maisonpuechmalou.com\/wp-content\/uploads\/2017\/07\/omgeving_b.jpg","datePublished":"2017-07-25T13:40:33+00:00","dateModified":"2023-12-13T08:59:26+00:00","breadcrumb":{"@id":"https:\/\/maisonpuechmalou.com\/de-omgeving\/#breadcrumb"},"inLanguage":"fr-FR","potentialAction":[{"@type":"ReadAction","target":["https:\/\/maisonpuechmalou.com\/de-omgeving\/"]}]},{"@type":"ImageObject","inLanguage":"fr-FR","@id":"https:\/\/maisonpuechmalou.com\/de-omgeving\/#primaryimage","url":"https:\/\/maisonpuechmalou.com\/wp-content\/uploads\/2017\/07\/omgeving_b.jpg","contentUrl":"https:\/\/maisonpuechmalou.com\/wp-content\/uploads\/2017\/07\/omgeving_b.jpg","width":2000,"height":1200},{"@type":"BreadcrumbList","@id":"https:\/\/maisonpuechmalou.com\/de-omgeving\/#breadcrumb","itemListElement":[{"@type":"ListItem","position":1,"name":"Home","item":"https:\/\/maisonpuechmalou.com\/"},{"@type":"ListItem","position":2,"name":"De omgeving"}]},{"@type":"WebSite","@id":"https:\/\/maisonpuechmalou.com\/#website","url":"https:\/\/maisonpuechmalou.com\/","name":"Domaine Puech Malou","description":"Des vacances dans un petit paradis en Occitanie","potentialAction":[{"@type":"SearchAction","target":{"@type":"EntryPoint","urlTemplate":"https:\/\/maisonpuechmalou.com\/?s={search_term_string}"},"query-input":{"@type":"PropertyValueSpecification","valueRequired":true,"valueName":"search_term_string"}}],"inLanguage":"fr-FR"}]}},"_links":{"self":[{"href":"https:\/\/maisonpuechmalou.com\/fr\/wp-json\/wp\/v2\/pages\/150","targetHints":{"allow":["GET"]}}],"collection":[{"href":"https:\/\/maisonpuechmalou.com\/fr\/wp-json\/wp\/v2\/pages"}],"about":[{"href":"https:\/\/maisonpuechmalou.com\/fr\/wp-json\/wp\/v2\/types\/page"}],"author":[{"embeddable":true,"href":"https:\/\/maisonpuechmalou.com\/fr\/wp-json\/wp\/v2\/users\/1"}],"replies":[{"embeddable":true,"href":"https:\/\/maisonpuechmalou.com\/fr\/wp-json\/wp\/v2\/comments?post=150"}],"version-history":[{"count":23,"href":"https:\/\/maisonpuechmalou.com\/fr\/wp-json\/wp\/v2\/pages\/150\/revisions"}],"predecessor-version":[{"id":516,"href":"https:\/\/maisonpuechmalou.com\/fr\/wp-json\/wp\/v2\/pages\/150\/revisions\/516"}],"wp:featuredmedia":[{"embeddable":true,"href":"https:\/\/maisonpuechmalou.com\/fr\/wp-json\/wp\/v2\/media\/435"}],"wp:attachment":[{"href":"https:\/\/maisonpuechmalou.com\/fr\/wp-json\/wp\/v2\/media?parent=150"}],"curies":[{"name":"wp","href":"https:\/\/api.w.org\/{rel}","templated":true}]}}